{"id":107,"date":"2016-10-03T16:57:14","date_gmt":"2016-10-03T14:57:14","guid":{"rendered":"http:\/\/www.festivalterresdimages.com\/v3\/?page_id=107"},"modified":"2018-11-20T21:09:54","modified_gmt":"2018-11-20T20:09:54","slug":"ciclic-2","status":"publish","type":"page","link":"http:\/\/www.festivalterresdimages.com\/v3\/ciclic-2\/","title":{"rendered":"Ciclic"},"content":{"rendered":"<p>&nbsp;<\/p>\n<p><img decoding=\"async\" loading=\"lazy\" class=\"alignnone size-medium wp-image-139\" src=\"http:\/\/www.festivalterresdimages.com\/v3\/wp-content\/uploads\/2016\/10\/website-logo-300x97.png\" alt=\"website-logo\" width=\"300\" height=\"97\" srcset=\"http:\/\/www.festivalterresdimages.com\/v3\/wp-content\/uploads\/2016\/10\/website-logo-300x97.png 300w, http:\/\/www.festivalterresdimages.com\/v3\/wp-content\/uploads\/2016\/10\/website-logo.png 416w\" sizes=\"(max-width: 300px) 100vw, 300px\" \/><\/p>\n<p>&nbsp;<\/p>\n<p><em>L&rsquo;Agence r\u00e9gionale du Centre pour le livre, l&rsquo;image et la culture num\u00e9rique, (Ciclic) est n\u00e9e \u00e0 l\u2019initiative de la R\u00e9gion Centre et de l\u2019\u00c9tat. Elle est pr\u00e9sid\u00e9e par Agn\u00e8s Sinsoulier-Bigot et dirig\u00e9e par Philippe Germain. Les actions qu&rsquo;elle m\u00e8ne sont r\u00e9solument tourn\u00e9es vers la lisibilit\u00e9 et l\u2019efficacit\u00e9 de l\u2019action publique dans le domaine du livre, du cin\u00e9ma et du num\u00e9rique.<\/em><\/p>\n<p>Elle renforce les coop\u00e9rations, initie et m\u00e8ne des projets, coordonne des dispositifs affirmant toujours son soutien \u00e0 la cr\u00e9ation et \u00e0 la diffusion des \u0153uvres. Ciclic entend jouer ainsi un r\u00f4le important tant aupr\u00e8s des cr\u00e9ateurs que des publics.<\/p>\n<p>La recherche et l\u2019innovation constituent les fondements d\u2019une intervention r\u00e9solument tourn\u00e9e vers l\u2019\u00e9ducation, la formation et la sensibilisation des regards. En privil\u00e9giant les partenariats locaux, Ciclic met son expertise au service de tous afin de favoriser l\u2019\u00e9mergence de projets exigeants. Si son intervention rel\u00e8ve d\u2019une politique culturelle volontaire, l\u2019agence est aussi en mesure d\u2019investir les champs de l\u2019\u00e9conomie, de l\u2019emploi et de l\u2019am\u00e9nagement du territoire.<\/p>\n<h1><\/h1>\n<h1>Plus d&rsquo;infos ?<\/h1>\n<p><span style=\"text-decoration: underline;\"><span style=\"color: #000000;\"><a style=\"color: #000000; text-decoration: underline;\" href=\"http:\/\/www.ciclic.fr\">www.ciclic.fr<\/a><\/span><\/span><\/p>\n","protected":false},"excerpt":{"rendered":"<p>&nbsp; &nbsp; L&rsquo;Agence r\u00e9gionale du Centre pour le livre, l&rsquo;image et la culture num\u00e9rique, (Ciclic) est n\u00e9e \u00e0 l\u2019initiative de la R\u00e9gion Centre et de l\u2019\u00c9tat. Elle est pr\u00e9sid\u00e9e par Agn\u00e8s Sinsoulier-Bigot et dirig\u00e9e par Philippe Germain. Les actions qu&rsquo;elle m\u00e8ne sont r\u00e9solument tourn\u00e9es vers la lisibilit\u00e9 et l\u2019efficacit\u00e9 de l\u2019action publique dans le domaine<a href=\"http:\/\/www.festivalterresdimages.com\/v3\/ciclic-2\/\">[&#8230;]<\/a><\/p>\n","protected":false},"author":1,"featured_media":0,"parent":0,"menu_order":0,"comment_status":"closed","ping_status":"closed","template":"template-fullwidth.php","meta":{"jetpack_post_was_ever_published":false,"_links_to":"","_links_to_target":""},"jetpack_sharing_enabled":true,"jetpack_shortlink":"https:\/\/wp.me\/P7Y3dQ-1J","_links":{"self":[{"href":"http:\/\/www.festivalterresdimages.com\/v3\/wp-json\/wp\/v2\/pages\/107"}],"collection":[{"href":"http:\/\/www.festivalterresdimages.com\/v3\/wp-json\/wp\/v2\/pages"}],"about":[{"href":"http:\/\/www.festivalterresdimages.com\/v3\/wp-json\/wp\/v2\/types\/page"}],"author":[{"embeddable":true,"href":"http:\/\/www.festivalterresdimages.com\/v3\/wp-json\/wp\/v2\/users\/1"}],"replies":[{"embeddable":true,"href":"http:\/\/www.festivalterresdimages.com\/v3\/wp-json\/wp\/v2\/comments?post=107"}],"version-history":[{"count":12,"href":"http:\/\/www.festivalterresdimages.com\/v3\/wp-json\/wp\/v2\/pages\/107\/revisions"}],"predecessor-version":[{"id":590,"href":"http:\/\/www.festivalterresdimages.com\/v3\/wp-json\/wp\/v2\/pages\/107\/revisions\/590"}],"wp:attachment":[{"href":"http:\/\/www.festivalterresdimages.com\/v3\/wp-json\/wp\/v2\/media?parent=107"}],"curies":[{"name":"wp","href":"https:\/\/api.w.org\/{rel}","templated":true}]}}